{"id":2,"date":"2019-03-12T16:40:49","date_gmt":"2019-03-12T15:40:49","guid":{"rendered":"http:\/\/mathildebecmann.fr\/?page_id=2"},"modified":"2026-03-19T11:59:22","modified_gmt":"2026-03-19T10:59:22","slug":"creer-identite-visuelle-annecy","status":"publish","type":"page","link":"https:\/\/mathildebecmann.fr\/index.php\/creer-identite-visuelle-annecy\/","title":{"rendered":"En savoir +"},"content":{"rendered":"\t\t<div data-elementor-type=\"wp-post\" data-elementor-id=\"2\" class=\"elementor elementor-2\" data-elementor-post-type=\"page\">\n\t\t\t\t\t\t\t<div class=\"elementor-element elementor-element-e642c01 e-flex e-con-boxed e-con e-parent\" data-id=\"e642c01\" data-element_type=\"container\" data-settings=\"{&quot;content_width&quot;:&quot;boxed&quot;}\" data-core-v316-plus=\"true\">\n\t\t\t\t\t<div class=\"e-con-inner\">\n\t\t\t\t<div class=\"elementor-element elementor-element-872b1da elementor-widget elementor-widget-text-editor\" data-id=\"872b1da\" data-element_type=\"widget\" data-widget_type=\"text-editor.default\">\n\t\t\t\t<div class=\"elementor-widget-container\">\n\t\t\t\t\t\t\t<p style=\"opacity: 0; font-size: 1px;\">cr\u00e9er identit\u00e9 visuelle Annecy<\/p>\n\n<h2 style=\"opacity: 0; font-size: 1px;\">cr\u00e9er identit\u00e9 visuelle Annecy<\/h2>\t\t\t\t\t\t<\/div>\n\t\t\t\t<\/div>\n\t\t\t\t\t<\/div>\n\t\t\t\t<\/div>\n\t\t\t\t<section class=\"elementor-section elementor-top-section elementor-element elementor-element-774b1c0 elementor-section-boxed elementor-section-height-default elementor-section-height-default\" data-id=\"774b1c0\" data-element_type=\"section\">\n\t\t\t\t\t\t<div class=\"elementor-container elementor-column-gap-default\">\n\t\t\t\t\t<div class=\"elementor-column elementor-col-50 elementor-top-column elementor-element elementor-element-12ff4cc\" data-id=\"12ff4cc\" data-element_type=\"column\">\n\t\t\t<div class=\"elementor-widget-wrap elementor-element-populated\">\n\t\t\t\t\t\t\t\t<div class=\"elementor-element elementor-element-fdbbe26 elementor-widget elementor-widget-text-editor\" data-id=\"fdbbe26\" data-element_type=\"widget\" data-widget_type=\"text-editor.default\">\n\t\t\t\t<div class=\"elementor-widget-container\">\n\t\t\t\t\t\t\t<h2 style=\"color: #c55164; line-height: 45px;\">Graphiste &amp; webdesigner, j\u2019accompagne les entrepreneurs \u00e0 cr\u00e9er une image claire et coh\u00e9rente.<\/h2>\nAujourd\u2019hui, beaucoup d\u2019entrepreneurs se retrouvent perdus lorsqu\u2019il s\u2019agit de cr\u00e9er leur identit\u00e9 visuelle.\n\nEntre les inspirations trouv\u00e9es en ligne, les avis ext\u00e9rieurs et les tendances, il devient difficile de construire une image qui leur ressemble vraiment.\n\nC\u2019est ce que j\u2019ai pu observer au fil de mes exp\u00e9riences\u2026 et ce qui m\u2019a donn\u00e9 envie d\u2019accompagner autrement.\n\nMon travail ne consiste pas seulement \u00e0 cr\u00e9er des visuels.\n<\/br><\/br>\n<span style=\"text-decoration: underline;\">J\u2019aide mes clients \u00e0 :<\/span>\n<ul>\n \t<li><strong>Clarifier<\/strong> leurs id\u00e9es<\/li>\n \t<li><strong>Structurer<\/strong> leur image<\/li>\n \t<li><strong>Construire<\/strong> une identit\u00e9 visuelle coh\u00e9rente<\/li>\n<\/ul>\nChaque projet est une collaboration, bas\u00e9e sur l\u2019\u00e9coute, la bienveillance et une approche pragmatique.\t\t\t\t\t\t<\/div>\n\t\t\t\t<\/div>\n\t\t\t\t<div class=\"elementor-element elementor-element-73ad68c elementor-widget elementor-widget-text-editor\" data-id=\"73ad68c\" data-element_type=\"widget\" data-widget_type=\"text-editor.default\">\n\t\t\t\t<div class=\"elementor-widget-container\">\n\t\t\t\t\t\t\t<h2 style=\"color: #c55164;\">Mon ADN<\/h2>\nMon univers est inspir\u00e9 par :\n<ul>\n \t<li>la nature et les animaux<\/li>\n \t<li>les activit\u00e9s outdoor et le sport<\/li>\n \t<li>la pop culture et les jeux vid\u00e9o<\/li>\n \t<li>les activit\u00e9s manuelles cr\u00e9atives<\/li>\n<\/ul>\nCes influences nourrissent mon travail et me permettent de cr\u00e9er des univers graphiques vivants et uniques.\n<h2 style=\"color: #c55164;\">Mes m\u00e9thodes de travail<\/h2>\nJ\u2019accorde une grande importance \u00e0 :\n<ul>\n \t<li>la <strong>relation humaine<\/strong><\/li>\n \t<li>la <strong>clart\u00e9 des objectifs<\/strong><\/li>\n \t<li><strong>l\u2019avancement rapide des projets<\/strong><\/li>\n<\/ul>\nMon objectif est simple :<strong> vous aider \u00e0 avancer sereinement<\/strong> avec une image qui vous correspond.\n<h2 style=\"color: #c55164;\">Mon parcours<\/h2>\nGraphiste freelance depuis 2019, j\u2019ai \u00e9galement travaill\u00e9 plusieurs ann\u00e9es en entreprise, notamment chez Pilot Pen et Greenweez.\n\nCes exp\u00e9riences m\u2019ont permis de d\u00e9velopper une approche \u00e0 la fois cr\u00e9ative, structur\u00e9e et orient\u00e9e r\u00e9sultats.\t\t\t\t\t\t<\/div>\n\t\t\t\t<\/div>\n\t\t\t\t\t<\/div>\n\t\t<\/div>\n\t\t\t\t<div class=\"elementor-column elementor-col-50 elementor-top-column elementor-element elementor-element-67b9bf4\" data-id=\"67b9bf4\" data-element_type=\"column\">\n\t\t\t<div class=\"elementor-widget-wrap elementor-element-populated\">\n\t\t\t\t\t\t\t\t<div class=\"elementor-element elementor-element-a57d074 elementor-widget elementor-widget-gallery\" data-id=\"a57d074\" data-element_type=\"widget\" data-settings=\"{&quot;gallery_layout&quot;:&quot;justified&quot;,&quot;ideal_row_height&quot;:{&quot;unit&quot;:&quot;px&quot;,&quot;size&quot;:304,&quot;sizes&quot;:[]},&quot;gap&quot;:{&quot;unit&quot;:&quot;px&quot;,&quot;size&quot;:20,&quot;sizes&quot;:[]},&quot;lazyload&quot;:&quot;yes&quot;,&quot;ideal_row_height_tablet&quot;:{&quot;unit&quot;:&quot;px&quot;,&quot;size&quot;:150,&quot;sizes&quot;:[]},&quot;ideal_row_height_mobile&quot;:{&quot;unit&quot;:&quot;px&quot;,&quot;size&quot;:150,&quot;sizes&quot;:[]},&quot;gap_tablet&quot;:{&quot;unit&quot;:&quot;px&quot;,&quot;size&quot;:10,&quot;sizes&quot;:[]},&quot;gap_mobile&quot;:{&quot;unit&quot;:&quot;px&quot;,&quot;size&quot;:10,&quot;sizes&quot;:[]},&quot;overlay_background&quot;:&quot;yes&quot;,&quot;content_hover_animation&quot;:&quot;fade-in&quot;}\" data-widget_type=\"gallery.default\">\n\t\t\t\t<div class=\"elementor-widget-container\">\n\t\t\t\t\t<div class=\"elementor-gallery__container\">\n\t\t\t\t\t\t\t<div class=\"e-gallery-item elementor-gallery-item elementor-animated-content\">\n\t\t\t\t\t<div class=\"e-gallery-image elementor-gallery-item__image\" data-thumbnail=\"https:\/\/mathildebecmann.fr\/wp-content\/uploads\/2020\/09\/portrait2-compress-1118x1536.jpg\" data-width=\"1118\" data-height=\"1536\" aria-label=\"cr\u00e9er identit\u00e9 visuelle Annecy - Mathilde Becmann\" role=\"img\" ><\/div>\n\t\t\t\t\t\t\t\t\t\t\t<div class=\"elementor-gallery-item__overlay\"><\/div>\n\t\t\t\t\t\t\t\t\t\t\t\t\t\t<\/div>\n\t\t\t\t\t\t\t<div class=\"e-gallery-item elementor-gallery-item elementor-animated-content\">\n\t\t\t\t\t<div class=\"e-gallery-image elementor-gallery-item__image\" data-thumbnail=\"https:\/\/mathildebecmann.fr\/wp-content\/uploads\/2026\/03\/IMG_20251017_115017-1152x1536.jpg\" data-width=\"1152\" data-height=\"1536\" aria-label=\"cr\u00e9er identit\u00e9 visuelle Annecy - Mathilde Becmann\" role=\"img\" ><\/div>\n\t\t\t\t\t\t\t\t\t\t\t<div class=\"elementor-gallery-item__overlay\"><\/div>\n\t\t\t\t\t\t\t\t\t\t\t\t\t\t<\/div>\n\t\t\t\t\t\t\t<div class=\"e-gallery-item elementor-gallery-item elementor-animated-content\">\n\t\t\t\t\t<div class=\"e-gallery-image elementor-gallery-item__image\" data-thumbnail=\"https:\/\/mathildebecmann.fr\/wp-content\/uploads\/2026\/03\/IMG_20251018_105650-1536x1152.jpg\" data-width=\"1536\" data-height=\"1152\" aria-label=\"\" role=\"img\" ><\/div>\n\t\t\t\t\t\t\t\t\t\t\t<div class=\"elementor-gallery-item__overlay\"><\/div>\n\t\t\t\t\t\t\t\t\t\t\t\t\t\t<\/div>\n\t\t\t\t\t\t\t<div class=\"e-gallery-item elementor-gallery-item elementor-animated-content\">\n\t\t\t\t\t<div class=\"e-gallery-image elementor-gallery-item__image\" data-thumbnail=\"https:\/\/mathildebecmann.fr\/wp-content\/uploads\/2026\/03\/IMG_20251024_151930-1536x1152.jpg\" data-width=\"1536\" data-height=\"1152\" aria-label=\"\" role=\"img\" ><\/div>\n\t\t\t\t\t\t\t\t\t\t\t<div class=\"elementor-gallery-item__overlay\"><\/div>\n\t\t\t\t\t\t\t\t\t\t\t\t\t\t<\/div>\n\t\t\t\t\t\t\t<div class=\"e-gallery-item elementor-gallery-item elementor-animated-content\">\n\t\t\t\t\t<div class=\"e-gallery-image elementor-gallery-item__image\" data-thumbnail=\"https:\/\/mathildebecmann.fr\/wp-content\/uploads\/2026\/03\/Beaufortain-mountains-are-always-a-good-idea-\ud83d\ude0d\ud83d\udeb5-roselendlake-beaufortain-beaufortainbike-m.jpg\" data-width=\"1080\" data-height=\"1080\" aria-label=\"cr\u00e9er identit\u00e9 visuelle Annecy - Mathilde Becmann\" role=\"img\" ><\/div>\n\t\t\t\t\t\t\t\t\t\t\t<div class=\"elementor-gallery-item__overlay\"><\/div>\n\t\t\t\t\t\t\t\t\t\t\t\t\t\t<\/div>\n\t\t\t\t\t\t\t<div class=\"e-gallery-item elementor-gallery-item elementor-animated-content\">\n\t\t\t\t\t<div class=\"e-gallery-image elementor-gallery-item__image\" data-thumbnail=\"https:\/\/mathildebecmann.fr\/wp-content\/uploads\/2026\/03\/get.jpg\" data-width=\"1080\" data-height=\"686\" aria-label=\"Accompagnement cr\u00e9ation site internet - Mathilde Becmann\" role=\"img\" ><\/div>\n\t\t\t\t\t\t\t\t\t\t\t<div class=\"elementor-gallery-item__overlay\"><\/div>\n\t\t\t\t\t\t\t\t\t\t\t\t\t\t<\/div>\n\t\t\t\t\t<\/div>\n\t\t\t<\/div>\n\t\t\t\t<\/div>\n\t\t\t\t\t<\/div>\n\t\t<\/div>\n\t\t\t\t\t\t\t<\/div>\n\t\t<\/section>\n\t\t<div class=\"elementor-element elementor-element-5b12b6c e-flex e-con-boxed e-con e-parent\" data-id=\"5b12b6c\" data-element_type=\"container\" data-settings=\"{&quot;content_width&quot;:&quot;boxed&quot;}\" data-core-v316-plus=\"true\">\n\t\t\t\t\t<div class=\"e-con-inner\">\n\t\t\t\t<div class=\"elementor-element elementor-element-90be6f2 elementor-widget-divider--separator-type-pattern elementor-widget-divider--no-spacing elementor-widget-divider--view-line elementor-widget elementor-widget-divider\" data-id=\"90be6f2\" data-element_type=\"widget\" data-widget_type=\"divider.default\">\n\t\t\t\t<div class=\"elementor-widget-container\">\n\t\t\t\t\t<div class=\"elementor-divider\" style=\"--divider-pattern-url: url(&quot;data:image\/svg+xml,%3Csvg xmlns=&#039;http:\/\/www.w3.org\/2000\/svg&#039; preserveAspectRatio=&#039;xMidYMid meet&#039; overflow=&#039;visible&#039; height=&#039;100%&#039; viewBox=&#039;0 0 126 26&#039; fill=&#039;black&#039; stroke=&#039;none&#039;%3E%3Cpath d=&#039;M3,10.2c2.6,0,2.6,2,2.6,3.2S4.4,16.5,3,16.5s-3-1.4-3-3.2S0.4,10.2,3,10.2z M18.8,10.2c1.7,0,3.2,1.4,3.2,3.2s-1.4,3.2-3.2,3.2c-1.7,0-3.2-1.4-3.2-3.2S17,10.2,18.8,10.2z M34.6,10.2c1.5,0,2.6,1.4,2.6,3.2s-0.5,3.2-1.9,3.2c-1.5,0-3.4-1.4-3.4-3.2S33.1,10.2,34.6,10.2z M50.5,10.2c1.7,0,3.2,1.4,3.2,3.2s-1.4,3.2-3.2,3.2c-1.7,0-3.3-0.9-3.3-2.6S48.7,10.2,50.5,10.2z M66.2,10.2c1.5,0,3.4,1.4,3.4,3.2s-1.9,3.2-3.4,3.2c-1.5,0-2.6-0.4-2.6-2.1S64.8,10.2,66.2,10.2z M82.2,10.2c1.7,0.8,2.6,1.4,2.6,3.2s-0.1,3.2-1.6,3.2c-1.5,0-3.7-1.4-3.7-3.2S80.5,9.4,82.2,10.2zM98.6,10.2c1.5,0,2.6,0.4,2.6,2.1s-1.2,4.2-2.6,4.2c-1.5,0-3.7-0.4-3.7-2.1S97.1,10.2,98.6,10.2z M113.4,10.2c1.2,0,2.2,0.9,2.2,3.2s-0.1,3.2-1.3,3.2s-3.1-1.4-3.1-3.2S112.2,10.2,113.4,10.2z&#039;\/%3E%3C\/svg%3E&quot;);\">\n\t\t\t<span class=\"elementor-divider-separator\">\n\t\t\t\t\t\t<\/span>\n\t\t<\/div>\n\t\t\t\t<\/div>\n\t\t\t\t<\/div>\n\t\t\t\t\t<\/div>\n\t\t\t\t<\/div>\n\t\t\t\t<section class=\"elementor-section elementor-top-section elementor-element elementor-element-1938f8a elementor-section-boxed elementor-section-height-default elementor-section-height-default\" data-id=\"1938f8a\" data-element_type=\"section\">\n\t\t\t\t\t\t<div class=\"elementor-container elementor-column-gap-default\">\n\t\t\t\t\t<div class=\"elementor-column elementor-col-100 elementor-top-column elementor-element elementor-element-87985db\" data-id=\"87985db\" data-element_type=\"column\">\n\t\t\t<div class=\"elementor-widget-wrap elementor-element-populated\">\n\t\t\t\t\t\t\t\t<div class=\"elementor-element elementor-element-bd47dd2 elementor-widget elementor-widget-heading\" data-id=\"bd47dd2\" data-element_type=\"widget\" data-widget_type=\"heading.default\">\n\t\t\t\t<div class=\"elementor-widget-container\">\n\t\t\t<p class=\"elementor-heading-title elementor-size-default\">Une id\u00e9e de projet ou besoin d\u2019y voir plus clair ?\nJe serai ravie d\u2019\u00e9changer avec vous.<\/p>\t\t<\/div>\n\t\t\t\t<\/div>\n\t\t\t\t\t<\/div>\n\t\t<\/div>\n\t\t\t\t\t\t\t<\/div>\n\t\t<\/section>\n\t\t\t\t<section class=\"elementor-section elementor-top-section elementor-element elementor-element-498300a elementor-section-boxed elementor-section-height-default elementor-section-height-default\" data-id=\"498300a\" data-element_type=\"section\">\n\t\t\t\t\t\t<div class=\"elementor-container elementor-column-gap-default\">\n\t\t\t\t\t<div class=\"elementor-column elementor-col-100 elementor-top-column elementor-element elementor-element-43eaead\" data-id=\"43eaead\" data-element_type=\"column\">\n\t\t\t<div class=\"elementor-widget-wrap elementor-element-populated\">\n\t\t\t\t\t\t\t\t<div class=\"elementor-element elementor-element-4cf6d68 elementor-align-center elementor-widget elementor-widget-button\" data-id=\"4cf6d68\" data-element_type=\"widget\" data-widget_type=\"button.default\">\n\t\t\t\t<div class=\"elementor-widget-container\">\n\t\t\t\t\t<div class=\"elementor-button-wrapper\">\n\t\t\t<a class=\"elementor-button elementor-button-link elementor-size-sm elementor-animation-pulse\" href=\"#elementor-action%3Aaction%3Dpopup%3Aopen%26settings%3DeyJpZCI6IjE4MjUiLCJ0b2dnbGUiOmZhbHNlfQ%3D%3D\">\n\t\t\t\t\t\t<span class=\"elementor-button-content-wrapper\">\n\t\t\t\t\t\t<span class=\"elementor-button-text\">Discutons de votre projet<\/span>\n\t\t<\/span>\n\t\t\t\t\t<\/a>\n\t\t<\/div>\n\t\t\t\t<\/div>\n\t\t\t\t<\/div>\n\t\t\t\t\t<\/div>\n\t\t<\/div>\n\t\t\t\t\t\t\t<\/div>\n\t\t<\/section>\n\t\t<div class=\"elementor-element elementor-element-d8b053e e-flex e-con-boxed e-con e-parent\" data-id=\"d8b053e\" data-element_type=\"container\" data-settings=\"{&quot;background_background&quot;:&quot;classic&quot;,&quot;content_width&quot;:&quot;boxed&quot;}\" data-core-v316-plus=\"true\">\n\t\t\t\t\t<div class=\"e-con-inner\">\n\t\t\t\t<div class=\"elementor-element elementor-element-944cdf4 elementor-widget elementor-widget-text-editor\" data-id=\"944cdf4\" data-element_type=\"widget\" data-widget_type=\"text-editor.default\">\n\t\t\t\t<div class=\"elementor-widget-container\">\n\t\t\t\t\t\t\t<p>Ils me font confiance<\/p>\t\t\t\t\t\t<\/div>\n\t\t\t\t<\/div>\n\t\t\t\t\t<\/div>\n\t\t\t\t<\/div>\n\t\t<div class=\"elementor-element elementor-element-ec80286 e-flex e-con-boxed e-con e-parent\" data-id=\"ec80286\" data-element_type=\"container\" data-settings=\"{&quot;background_background&quot;:&quot;classic&quot;,&quot;content_width&quot;:&quot;boxed&quot;}\" data-core-v316-plus=\"true\">\n\t\t\t\t\t<div class=\"e-con-inner\">\n\t\t<div class=\"elementor-element elementor-element-5a7e83f e-con-full e-flex e-con e-child\" data-id=\"5a7e83f\" data-element_type=\"container\" data-settings=\"{&quot;content_width&quot;:&quot;full&quot;}\">\n\t\t\t\t<div class=\"elementor-element elementor-element-65dcb5a elementor-widget elementor-widget-image\" data-id=\"65dcb5a\" data-element_type=\"widget\" data-widget_type=\"image.default\">\n\t\t\t\t<div class=\"elementor-widget-container\">\n\t\t\t\t\t\t\t\t\t\t\t\t\t\t\t\t<a href=\"https:\/\/oykaclothing.com\/\" target=\"_blank\">\n\t\t\t\t\t\t\t<img decoding=\"async\" src=\"https:\/\/mathildebecmann.fr\/wp-content\/uploads\/elementor\/thumbs\/OYKA-logo-qr5h6r3zg9psumrqqhq67curqawifi2sdinbnlzowg.jpeg\" title=\"OYKA-logo\" alt=\"Oyka Clothing\" class=\"elementor-animation-pop\" loading=\"lazy\" \/>\t\t\t\t\t\t\t\t<\/a>\n\t\t\t\t\t\t\t\t\t\t\t\t\t\t\t<\/div>\n\t\t\t\t<\/div>\n\t\t\t\t<\/div>\n\t\t<div class=\"elementor-element elementor-element-14fc385 e-con-full e-flex e-con e-child\" data-id=\"14fc385\" data-element_type=\"container\" data-settings=\"{&quot;content_width&quot;:&quot;full&quot;}\">\n\t\t\t\t<div class=\"elementor-element elementor-element-b9ecbf9 elementor-widget elementor-widget-image\" data-id=\"b9ecbf9\" data-element_type=\"widget\" data-widget_type=\"image.default\">\n\t\t\t\t<div class=\"elementor-widget-container\">\n\t\t\t\t\t\t\t\t\t\t\t\t\t\t\t\t<a href=\"https:\/\/betecommechou74.fr\/\" target=\"_blank\">\n\t\t\t\t\t\t\t<img decoding=\"async\" src=\"https:\/\/mathildebecmann.fr\/wp-content\/uploads\/elementor\/thumbs\/logoBeteCommeChou-qr5hesm9x8q46j37ryv9jbsqoz9kaa045bkvgu2fo0.jpg\" title=\"Logo B\u00eate comme chou\" alt=\"Graphiste Freelance Annecy - Logo B\u00eate comme chou, un chou stylis\u00e9 au centre avec un typographie \u00e9l\u00e9gante qui encadre le tout\" class=\"elementor-animation-pop\" loading=\"lazy\" \/>\t\t\t\t\t\t\t\t<\/a>\n\t\t\t\t\t\t\t\t\t\t\t\t\t\t\t<\/div>\n\t\t\t\t<\/div>\n\t\t\t\t<\/div>\n\t\t<div class=\"elementor-element elementor-element-5db805e e-con-full e-flex e-con e-child\" data-id=\"5db805e\" data-element_type=\"container\" data-settings=\"{&quot;content_width&quot;:&quot;full&quot;}\">\n\t\t\t\t<div class=\"elementor-element elementor-element-1ee2c5f elementor-widget elementor-widget-image\" data-id=\"1ee2c5f\" data-element_type=\"widget\" data-widget_type=\"image.default\">\n\t\t\t\t<div class=\"elementor-widget-container\">\n\t\t\t\t\t\t\t\t\t\t\t\t\t\t\t\t<a href=\"https:\/\/www.dom-expert.fr\/\" target=\"_blank\">\n\t\t\t\t\t\t\t<img decoding=\"async\" src=\"https:\/\/mathildebecmann.fr\/wp-content\/uploads\/elementor\/thumbs\/DOM-EXPERT_logo2019-qr5hdbzbaiq24d7obc45np2xfeh0b875a31olc8hcg.jpg\" title=\"DOM-EXPERT_logo2019_Diagnostic\" alt=\"DOM-EXPERT_logo2019_Diagnostic\" class=\"elementor-animation-pop\" loading=\"lazy\" \/>\t\t\t\t\t\t\t\t<\/a>\n\t\t\t\t\t\t\t\t\t\t\t\t\t\t\t<\/div>\n\t\t\t\t<\/div>\n\t\t\t\t<\/div>\n\t\t<div class=\"elementor-element elementor-element-81a98f8 e-con-full e-flex e-con e-child\" data-id=\"81a98f8\" data-element_type=\"container\" data-settings=\"{&quot;content_width&quot;:&quot;full&quot;}\">\n\t\t\t\t<div class=\"elementor-element elementor-element-f031ead elementor-widget elementor-widget-image\" data-id=\"f031ead\" data-element_type=\"widget\" data-widget_type=\"image.default\">\n\t\t\t\t<div class=\"elementor-widget-container\">\n\t\t\t\t\t\t\t\t\t\t\t\t\t\t\t<img decoding=\"async\" src=\"https:\/\/mathildebecmann.fr\/wp-content\/uploads\/elementor\/thumbs\/LogoLeoncouleur_texte2-qr5hmiui47azn3v2nb4u1dl6j167koonvkoliqlwi8.png\" title=\"LogoLeoncouleur_texte2\" alt=\"LogoLeoncouleur_texte2\" class=\"elementor-animation-pop\" loading=\"lazy\" \/>\t\t\t\t\t\t\t\t\t\t\t\t\t\t\t<\/div>\n\t\t\t\t<\/div>\n\t\t\t\t<\/div>\n\t\t\t\t\t<\/div>\n\t\t\t\t<\/div>\n\t\t<div class=\"elementor-element elementor-element-b4de4f5 e-flex e-con-boxed e-con e-parent\" data-id=\"b4de4f5\" data-element_type=\"container\" data-settings=\"{&quot;content_width&quot;:&quot;boxed&quot;}\" data-core-v316-plus=\"true\">\n\t\t\t\t\t<div class=\"e-con-inner\">\n\t\t\t\t<div class=\"elementor-element elementor-element-4f79963 elementor-widget elementor-widget-text-editor\" data-id=\"4f79963\" data-element_type=\"widget\" data-widget_type=\"text-editor.default\">\n\t\t\t\t<div class=\"elementor-widget-container\">\n\t\t\t\t\t\t\t<p style=\"opacity: 0; font-size: 1px;\">cr\u00e9er identit\u00e9 visuelle Annecy<\/p>\t\t\t\t\t\t<\/div>\n\t\t\t\t<\/div>\n\t\t\t\t\t<\/div>\n\t\t\t\t<\/div>\n\t\t\t\t\t\t\t<\/div>\n\t\t","protected":false},"excerpt":{"rendered":"<p>cr\u00e9er identit\u00e9 visuelle Annecy cr\u00e9er identit\u00e9 visuelle Annecy Graphiste &amp; webdesigner, j\u2019accompagne les entrepreneurs \u00e0 cr\u00e9er une image claire et coh\u00e9rente. Aujourd\u2019hui, beaucoup d\u2019entrepreneurs se retrouvent perdus lorsqu\u2019il s\u2019agit de cr\u00e9er leur identit\u00e9 visuelle. Entre les inspirations trouv\u00e9es en ligne, les avis ext\u00e9rieurs et les tendances, il devient difficile de construire une image qui leur ressemble vraiment. C\u2019est ce que j\u2019ai pu observer au fil de mes exp\u00e9riences\u2026 et ce qui m\u2019a donn\u00e9 envie d\u2019accompagner autrement. Mon travail ne consiste pas seulement \u00e0 cr\u00e9er des visuels. J\u2019aide mes clients \u00e0 : Clarifier leurs id\u00e9es Structurer leur image Construire une identit\u00e9 visuelle coh\u00e9rente Chaque projet est une collaboration, bas\u00e9e sur l\u2019\u00e9coute, la bienveillance et une approche pragmatique. Mon ADN Mon univers est inspir\u00e9 par : la nature et les animaux les activit\u00e9s outdoor et le sport la pop culture et les jeux vid\u00e9o les activit\u00e9s manuelles cr\u00e9atives Ces influences nourrissent mon&hellip;<\/p>\n<p> <a class=\"more-link\" href=\"https:\/\/mathildebecmann.fr\/index.php\/creer-identite-visuelle-annecy\/\">Lire la suite<\/a><\/p>\n","protected":false},"author":1,"featured_media":2188,"parent":0,"menu_order":0,"comment_status":"closed","ping_status":"open","template":"elementor_header_footer","meta":{"footnotes":""},"yoast_head":"<!-- This site is optimized with the Yoast SEO plugin v21.5 - https:\/\/yoast.com\/wordpress\/plugins\/seo\/ -->\n<title>Graphiste &amp; Webdesigner | Cr\u00e9er son identit\u00e9 visuelle Annecy<\/title>\n<meta name=\"description\" content=\"Cr\u00e9er une identit\u00e9 visuelle \u00e0 Annecy : je vous accompagne pour transformer vos id\u00e9es en une image de marque claire et coh\u00e9rente.\" \/>\n<meta name=\"robots\" content=\"index, follow, max-snippet:-1, max-image-preview:large, max-video-preview:-1\" \/>\n<link rel=\"canonical\" href=\"https:\/\/mathildebecmann.fr\/index.php\/creer-identite-visuelle-annecy\/\" \/>\n<meta property=\"og:locale\" content=\"fr_FR\" \/>\n<meta property=\"og:type\" content=\"article\" \/>\n<meta property=\"og:title\" content=\"Graphiste &amp; Webdesigner | Cr\u00e9er son identit\u00e9 visuelle Annecy\" \/>\n<meta property=\"og:description\" content=\"Cr\u00e9er une identit\u00e9 visuelle \u00e0 Annecy : je vous accompagne pour transformer vos id\u00e9es en une image de marque claire et coh\u00e9rente.\" \/>\n<meta property=\"og:url\" content=\"https:\/\/mathildebecmann.fr\/index.php\/creer-identite-visuelle-annecy\/\" \/>\n<meta property=\"og:site_name\" content=\"Mathilde Becmann Graphiste\" \/>\n<meta property=\"article:modified_time\" content=\"2026-03-19T10:59:22+00:00\" \/>\n<meta property=\"og:image\" content=\"https:\/\/mathildebecmann.fr\/wp-content\/uploads\/2023\/10\/cropped-FoxHead.png\" \/>\n\t<meta property=\"og:image:width\" content=\"512\" \/>\n\t<meta property=\"og:image:height\" content=\"512\" \/>\n\t<meta property=\"og:image:type\" content=\"image\/png\" \/>\n<meta name=\"twitter:card\" content=\"summary_large_image\" \/>\n<meta name=\"twitter:label1\" content=\"Dur\u00e9e de lecture estim\u00e9e\" \/>\n\t<meta name=\"twitter:data1\" content=\"3 minutes\" \/>\n<script type=\"application\/ld+json\" class=\"yoast-schema-graph\">{\"@context\":\"https:\/\/schema.org\",\"@graph\":[{\"@type\":\"WebPage\",\"@id\":\"https:\/\/mathildebecmann.fr\/index.php\/creer-identite-visuelle-annecy\/\",\"url\":\"https:\/\/mathildebecmann.fr\/index.php\/creer-identite-visuelle-annecy\/\",\"name\":\"Graphiste & Webdesigner | Cr\u00e9er son identit\u00e9 visuelle Annecy\",\"isPartOf\":{\"@id\":\"https:\/\/mathildebecmann.fr\/#website\"},\"datePublished\":\"2019-03-12T15:40:49+00:00\",\"dateModified\":\"2026-03-19T10:59:22+00:00\",\"description\":\"Cr\u00e9er une identit\u00e9 visuelle \u00e0 Annecy : je vous accompagne pour transformer vos id\u00e9es en une image de marque claire et coh\u00e9rente.\",\"breadcrumb\":{\"@id\":\"https:\/\/mathildebecmann.fr\/index.php\/creer-identite-visuelle-annecy\/#breadcrumb\"},\"inLanguage\":\"fr-FR\",\"potentialAction\":[{\"@type\":\"ReadAction\",\"target\":[\"https:\/\/mathildebecmann.fr\/index.php\/creer-identite-visuelle-annecy\/\"]}]},{\"@type\":\"BreadcrumbList\",\"@id\":\"https:\/\/mathildebecmann.fr\/index.php\/creer-identite-visuelle-annecy\/#breadcrumb\",\"itemListElement\":[{\"@type\":\"ListItem\",\"position\":1,\"name\":\"Accueil\",\"item\":\"https:\/\/mathildebecmann.fr\/\"},{\"@type\":\"ListItem\",\"position\":2,\"name\":\"En savoir +\"}]},{\"@type\":\"WebSite\",\"@id\":\"https:\/\/mathildebecmann.fr\/#website\",\"url\":\"https:\/\/mathildebecmann.fr\/\",\"name\":\"Mathilde Becmann Graphiste\",\"description\":\"\",\"publisher\":{\"@id\":\"https:\/\/mathildebecmann.fr\/#organization\"},\"potentialAction\":[{\"@type\":\"SearchAction\",\"target\":{\"@type\":\"EntryPoint\",\"urlTemplate\":\"https:\/\/mathildebecmann.fr\/?s={search_term_string}\"},\"query-input\":\"required name=search_term_string\"}],\"inLanguage\":\"fr-FR\"},{\"@type\":\"Organization\",\"@id\":\"https:\/\/mathildebecmann.fr\/#organization\",\"name\":\"Mathilde Becmann Graphisme\",\"url\":\"https:\/\/mathildebecmann.fr\/\",\"logo\":{\"@type\":\"ImageObject\",\"inLanguage\":\"fr-FR\",\"@id\":\"https:\/\/mathildebecmann.fr\/#\/schema\/logo\/image\/\",\"url\":\"https:\/\/mathildebecmann.fr\/wp-content\/uploads\/2019\/03\/foxHead.png\",\"contentUrl\":\"https:\/\/mathildebecmann.fr\/wp-content\/uploads\/2019\/03\/foxHead.png\",\"width\":600,\"height\":600,\"caption\":\"Mathilde Becmann Graphisme\"},\"image\":{\"@id\":\"https:\/\/mathildebecmann.fr\/#\/schema\/logo\/image\/\"},\"sameAs\":[\"https:\/\/www.linkedin.com\/in\/mathilde-becmann-41341840\/\"]}]}<\/script>\n<!-- \/ Yoast SEO plugin. -->","yoast_head_json":{"title":"Graphiste & Webdesigner | Cr\u00e9er son identit\u00e9 visuelle Annecy","description":"Cr\u00e9er une identit\u00e9 visuelle \u00e0 Annecy : je vous accompagne pour transformer vos id\u00e9es en une image de marque claire et coh\u00e9rente.","robots":{"index":"index","follow":"follow","max-snippet":"max-snippet:-1","max-image-preview":"max-image-preview:large","max-video-preview":"max-video-preview:-1"},"canonical":"https:\/\/mathildebecmann.fr\/index.php\/creer-identite-visuelle-annecy\/","og_locale":"fr_FR","og_type":"article","og_title":"Graphiste & Webdesigner | Cr\u00e9er son identit\u00e9 visuelle Annecy","og_description":"Cr\u00e9er une identit\u00e9 visuelle \u00e0 Annecy : je vous accompagne pour transformer vos id\u00e9es en une image de marque claire et coh\u00e9rente.","og_url":"https:\/\/mathildebecmann.fr\/index.php\/creer-identite-visuelle-annecy\/","og_site_name":"Mathilde Becmann Graphiste","article_modified_time":"2026-03-19T10:59:22+00:00","og_image":[{"width":512,"height":512,"url":"https:\/\/mathildebecmann.fr\/wp-content\/uploads\/2023\/10\/cropped-FoxHead.png","type":"image\/png"}],"twitter_card":"summary_large_image","twitter_misc":{"Dur\u00e9e de lecture estim\u00e9e":"3 minutes"},"schema":{"@context":"https:\/\/schema.org","@graph":[{"@type":"WebPage","@id":"https:\/\/mathildebecmann.fr\/index.php\/creer-identite-visuelle-annecy\/","url":"https:\/\/mathildebecmann.fr\/index.php\/creer-identite-visuelle-annecy\/","name":"Graphiste & Webdesigner | Cr\u00e9er son identit\u00e9 visuelle Annecy","isPartOf":{"@id":"https:\/\/mathildebecmann.fr\/#website"},"datePublished":"2019-03-12T15:40:49+00:00","dateModified":"2026-03-19T10:59:22+00:00","description":"Cr\u00e9er une identit\u00e9 visuelle \u00e0 Annecy : je vous accompagne pour transformer vos id\u00e9es en une image de marque claire et coh\u00e9rente.","breadcrumb":{"@id":"https:\/\/mathildebecmann.fr\/index.php\/creer-identite-visuelle-annecy\/#breadcrumb"},"inLanguage":"fr-FR","potentialAction":[{"@type":"ReadAction","target":["https:\/\/mathildebecmann.fr\/index.php\/creer-identite-visuelle-annecy\/"]}]},{"@type":"BreadcrumbList","@id":"https:\/\/mathildebecmann.fr\/index.php\/creer-identite-visuelle-annecy\/#breadcrumb","itemListElement":[{"@type":"ListItem","position":1,"name":"Accueil","item":"https:\/\/mathildebecmann.fr\/"},{"@type":"ListItem","position":2,"name":"En savoir +"}]},{"@type":"WebSite","@id":"https:\/\/mathildebecmann.fr\/#website","url":"https:\/\/mathildebecmann.fr\/","name":"Mathilde Becmann Graphiste","description":"","publisher":{"@id":"https:\/\/mathildebecmann.fr\/#organization"},"potentialAction":[{"@type":"SearchAction","target":{"@type":"EntryPoint","urlTemplate":"https:\/\/mathildebecmann.fr\/?s={search_term_string}"},"query-input":"required name=search_term_string"}],"inLanguage":"fr-FR"},{"@type":"Organization","@id":"https:\/\/mathildebecmann.fr\/#organization","name":"Mathilde Becmann Graphisme","url":"https:\/\/mathildebecmann.fr\/","logo":{"@type":"ImageObject","inLanguage":"fr-FR","@id":"https:\/\/mathildebecmann.fr\/#\/schema\/logo\/image\/","url":"https:\/\/mathildebecmann.fr\/wp-content\/uploads\/2019\/03\/foxHead.png","contentUrl":"https:\/\/mathildebecmann.fr\/wp-content\/uploads\/2019\/03\/foxHead.png","width":600,"height":600,"caption":"Mathilde Becmann Graphisme"},"image":{"@id":"https:\/\/mathildebecmann.fr\/#\/schema\/logo\/image\/"},"sameAs":["https:\/\/www.linkedin.com\/in\/mathilde-becmann-41341840\/"]}]}},"_links":{"self":[{"href":"https:\/\/mathildebecmann.fr\/index.php\/wp-json\/wp\/v2\/pages\/2"}],"collection":[{"href":"https:\/\/mathildebecmann.fr\/index.php\/wp-json\/wp\/v2\/pages"}],"about":[{"href":"https:\/\/mathildebecmann.fr\/index.php\/wp-json\/wp\/v2\/types\/page"}],"author":[{"embeddable":true,"href":"https:\/\/mathildebecmann.fr\/index.php\/wp-json\/wp\/v2\/users\/1"}],"replies":[{"embeddable":true,"href":"https:\/\/mathildebecmann.fr\/index.php\/wp-json\/wp\/v2\/comments?post=2"}],"version-history":[{"count":173,"href":"https:\/\/mathildebecmann.fr\/index.php\/wp-json\/wp\/v2\/pages\/2\/revisions"}],"predecessor-version":[{"id":3528,"href":"https:\/\/mathildebecmann.fr\/index.php\/wp-json\/wp\/v2\/pages\/2\/revisions\/3528"}],"wp:featuredmedia":[{"embeddable":true,"href":"https:\/\/mathildebecmann.fr\/index.php\/wp-json\/wp\/v2\/media\/2188"}],"wp:attachment":[{"href":"https:\/\/mathildebecmann.fr\/index.php\/wp-json\/wp\/v2\/media?parent=2"}],"curies":[{"name":"wp","href":"https:\/\/api.w.org\/{rel}","templated":true}]}}